{"id":19,"date":"2023-01-04T12:26:27","date_gmt":"2023-01-04T11:26:27","guid":{"rendered":"https:\/\/consmontreal.esteri.it\/?page_id=19"},"modified":"2023-01-04T12:26:27","modified_gmt":"2023-01-04T11:26:27","slug":"news","status":"publish","type":"page","link":"https:\/\/consmontreal.esteri.it\/it\/news\/","title":{"rendered":"Notizie"},"content":{"rendered":"        <div class=\"row\">\n\t\t\t<!-- Ricerca sedi post -->\n\t\t\t<div class=\"col-12 mt-4\">\n\t\t\t  <div class=\"callout callout-highlight note ricerca-esteri p-4\">\n                    <div class=\"callout-title\">\n                        <svg class=\"icon\">\n                            <use xlink:href=\"https:\/\/consmontreal.esteri.it\/wp-content\/themes\/sedi-tema\/assets\/svg\/sprites.svg#it-search\"><\/use>\n                        <\/svg>Inserisci i parametri di ricerca                    <\/div>\n                    <form id=\"searchFormPost\" name=\"form-search-post\" class=\"form-row align-items-center\" action=\"https:\/\/consmontreal.esteri.it\/it\/wp-json\/wp\/v2\/pages\/19\/\" method=\"GET\"> \n                        <!-- <div class=\"form-group pt-5\"> -->\n                            <!-- <input type=\"hidden\" id=\"lang\" name=\"lang\" value=\"\"> --> <!-- <\/div> -->\n\n                        <div class=\"it-datepicker-wrapper\">\n                            <div class=\"row\">\n                                <div class=\"form-group col-md-6\">\n                                    <label class=\"active\" for=\"date-init\">Dal<\/label>\n                                    <input class=\"form-control\" name=\"date-init\" id=\"date-init\" type=\"date\" placeholder=\"gg\/mm\/aaaa\" value=\"\"lang=\"en-EN\">  \n                                <\/div>\n                                <div class=\"form-group col-md-6\">\n                                    <label class=\"active\" for=\"date-end\">Al<\/label>\n                                    <input class=\"form-control\" name=\"date-end\" id=\"date-end\" type=\"date\" placeholder=\"gg\/mm\/aaaa\" value=\"\">\n                                <\/div>\n                            <\/div>\n                        <\/div>\n                        <div class=\"form-group col-md-12 mt-3\">\n                            <label for=\"searchText\">Campo ricerca libera<\/label>\n                            <input type=\"text\" name=\"searchText\" class=\"form-control\" id=\"searchText\" value=\"\">\n                        <\/div>\n                        <div class=\"form-group col-md-4 offset-md-8 text-end\">\n                            <a href=\"https:\/\/consmontreal.esteri.it\/it\/news\/\" title=\"Form reset\" id=\"resetImput\" class=\"btn btn-outline-primary btn-xs\">Reset<\/a>\n                            <button type=\"submit\" class=\"btn btn-primary btn-xs\">Mostra risultati<\/button>\n                        <\/div>\n                    <\/form>\n\t\t\t\t<\/div>\n\t\t\t<\/div>\n\t\t<\/div>\n                    \n            <div class=\"row\">\n                            <div class=\"col-12 mt-3\">\n                <!--start card-->\n                <div class=\"card-wrapper card-space\">\n                    <div class=\"card card-bg card-big border-bottom-card\">\n                        <div class=\"card-body \">\n                                                        <div class=\"category-top\">\n                                                                                                            <span class=\"\">\n                                        <svg class=\"icon icon-secondary\">\n                                            <use xlink:href=\"https:\/\/consmontreal.esteri.it\/wp-content\/themes\/sedi-tema\/assets\/svg\/sprites.svg#it-calendar\"><\/use>\n                                        <\/svg> 4 Settembre 2026                                    <\/span>\n                                                                    <\/div>\n                            <h5 class=\"card-title big-heading text-uppercase\"><a class=\"text-body text-decoration-none\" href=\"https:\/\/consmontreal.esteri.it\/it\/news\/dal_consolato\/2026\/09\/numerosi-appuntamenti-liberi-per-il-rinnovo-del-passaporto\/\" title=\"Numerosi appuntamenti liberi per il rinnovo del passaporto\">Numerosi appuntamenti liberi per il rinnovo del passaporto<\/a><\/h5>\n                            <p class=\"card-text\">Si segnala ai connazionali che al momento sono disponibili sul sistema online Prenot@mi numerosi appuntamenti per il rinnovo del passaporto. Vi invitiamo pertanto a controllare la data di scadenza del vostro passaporto e, qualora sia prossima, a prenotare per tempo un appuntamento per il rinnovo, approfittando della maggiore disponibilit\u00e0 attualmente presente nel sistema.<\/p>\n                                <a title=\"Numerosi appuntamenti liberi per il rinnovo del passaporto\" class=\"read-more\" href=\"https:\/\/consmontreal.esteri.it\/it\/news\/dal_consolato\/2026\/09\/numerosi-appuntamenti-liberi-per-il-rinnovo-del-passaporto\/\">\n                                    <span class=\"text\">Leggi di pi\u00f9<\/span>\n                                    <svg class=\"icon\">\n                                    <use xlink:href=\"https:\/\/consmontreal.esteri.it\/wp-content\/themes\/sedi-tema\/assets\/svg\/sprites.svg#it-arrow-right\"><\/use>\n                                    <\/svg>\n                                <\/a>\n                                                    <\/div>\n                    <\/div>\n                <\/div>\n                <!--end card-->\n                <\/div><!-- col-12 .mt-3-->\n                            <div class=\"col-12 mt-3\">\n                <!--start card-->\n                <div class=\"card-wrapper card-space\">\n                    <div class=\"card card-bg card-big border-bottom-card\">\n                        <div class=\"card-body \">\n                                                        <div class=\"category-top\">\n                                                                                                            <span class=\"\">\n                                        <svg class=\"icon icon-secondary\">\n                                            <use xlink:href=\"https:\/\/consmontreal.esteri.it\/wp-content\/themes\/sedi-tema\/assets\/svg\/sprites.svg#it-calendar\"><\/use>\n                                        <\/svg> 14 Agosto 2026                                    <\/span>\n                                                                    <\/div>\n                            <h5 class=\"card-title big-heading text-uppercase\"><a class=\"text-body text-decoration-none\" href=\"https:\/\/consmontreal.esteri.it\/it\/news\/dal_consolato\/2026\/08\/6502\/\" title=\"Premi scientifici \u201cFarnesina \u2013 Italian Bilateral Scientific Cooperation Award\u201d, \u201cL\u2019innovazione che parla italiano\u201d e \u201cScience, She Says!\u201d 2026\">Premi scientifici \u201cFarnesina \u2013 Italian Bilateral Scientific Cooperation Award\u201d, \u201cL\u2019innovazione che parla italiano\u201d e \u201cScience, She Says!\u201d 2026<\/a><\/h5>\n                            <p class=\"card-text\">Il Ministero degli Affari Esteri e della Cooperazione Internazionale (MAECI) indice la nona edizione dei premi \u201cFarnesina \u2013 Italian Bilateral Scientific Cooperation Award\u201d e \u201cL\u2019innovazione che parla italiano\u201d e la quarta edizione del premio \u201cScience, She Says!\u201d. Il\u00a0Premio \u201cFarnesina \u2013 Italian Bilateral Scientific Cooperation Award\u201d\u00a0\u00e8 dedicato, ad anni alterni, a ricercatori italiani senior e junior [&hellip;]<\/p>\n                                <a title=\"Premi scientifici \u201cFarnesina \u2013 Italian Bilateral Scientific Cooperation Award\u201d, \u201cL\u2019innovazione che parla italiano\u201d e \u201cScience, She Says!\u201d 2026\" class=\"read-more\" href=\"https:\/\/consmontreal.esteri.it\/it\/news\/dal_consolato\/2026\/08\/6502\/\">\n                                    <span class=\"text\">Leggi di pi\u00f9<\/span>\n                                    <svg class=\"icon\">\n                                    <use xlink:href=\"https:\/\/consmontreal.esteri.it\/wp-content\/themes\/sedi-tema\/assets\/svg\/sprites.svg#it-arrow-right\"><\/use>\n                                    <\/svg>\n                                <\/a>\n                                                    <\/div>\n                    <\/div>\n                <\/div>\n                <!--end card-->\n                <\/div><!-- col-12 .mt-3-->\n                            <div class=\"col-12 mt-3\">\n                <!--start card-->\n                <div class=\"card-wrapper card-space\">\n                    <div class=\"card card-bg card-big border-bottom-card\">\n                        <div class=\"card-body \">\n                                                        <div class=\"category-top\">\n                                                                                                            <span class=\"\">\n                                        <svg class=\"icon icon-secondary\">\n                                            <use xlink:href=\"https:\/\/consmontreal.esteri.it\/wp-content\/themes\/sedi-tema\/assets\/svg\/sprites.svg#it-calendar\"><\/use>\n                                        <\/svg> 18 Luglio 2026                                    <\/span>\n                                                                    <\/div>\n                            <h5 class=\"card-title big-heading text-uppercase\"><a class=\"text-body text-decoration-none\" href=\"https:\/\/consmontreal.esteri.it\/it\/news\/dal_consolato\/2026\/07\/cessazione-della-validita-della-carta-didentita-cartacea-per-lespatrio-dal-3-agosto\/\" title=\"Cessazione della validit\u00e0 della carta d\u2019identit\u00e0 cartacea per l\u2019espatrio dal 3 agosto\">Cessazione della validit\u00e0 della carta d\u2019identit\u00e0 cartacea per l\u2019espatrio dal 3 agosto<\/a><\/h5>\n                            <p class=\"card-text\">A partire dal 3 agosto 2026 la versione cartacea della carta di identit\u00e0 cesser\u00e0 di essere valida per l\u2019espatrio, indipendentemente dalla data di scadenza riportata sul retro. Il DL 26\/06\/2026 n.108 ha introdotto alcune modifiche importanti: La Carta d\u2019Identit\u00e0 Cartacea non scaduta pu\u00f2 essere utilizzata come strumento identificativo nei rapporti con la Pubblica Amministrazione italiana [&hellip;]<\/p>\n                                <a title=\"Cessazione della validit\u00e0 della carta d\u2019identit\u00e0 cartacea per l\u2019espatrio dal 3 agosto\" class=\"read-more\" href=\"https:\/\/consmontreal.esteri.it\/it\/news\/dal_consolato\/2026\/07\/cessazione-della-validita-della-carta-didentita-cartacea-per-lespatrio-dal-3-agosto\/\">\n                                    <span class=\"text\">Leggi di pi\u00f9<\/span>\n                                    <svg class=\"icon\">\n                                    <use xlink:href=\"https:\/\/consmontreal.esteri.it\/wp-content\/themes\/sedi-tema\/assets\/svg\/sprites.svg#it-arrow-right\"><\/use>\n                                    <\/svg>\n                                <\/a>\n                                                    <\/div>\n                    <\/div>\n                <\/div>\n                <!--end card-->\n                <\/div><!-- col-12 .mt-3-->\n                            <div class=\"col-12 mt-3\">\n                <!--start card-->\n                <div class=\"card-wrapper card-space\">\n                    <div class=\"card card-bg card-big border-bottom-card\">\n                        <div class=\"card-body \">\n                                                        <div class=\"category-top\">\n                                                                                                            <span class=\"\">\n                                        <svg class=\"icon icon-secondary\">\n                                            <use xlink:href=\"https:\/\/consmontreal.esteri.it\/wp-content\/themes\/sedi-tema\/assets\/svg\/sprites.svg#it-calendar\"><\/use>\n                                        <\/svg> 23 Aprile 2026                                    <\/span>\n                                                                    <\/div>\n                            <h5 class=\"card-title big-heading text-uppercase\"><a class=\"text-body text-decoration-none\" href=\"https:\/\/consmontreal.esteri.it\/it\/news\/dal_consolato\/2026\/04\/6304\/\" title=\"\"><\/a><\/h5>\n                            <p class=\"card-text\">Si comunica che sono aperte le richieste per i contributi a valere sul cap. 2562, p.g. 3 per l\u2019e.f. 2026. Tali contributi sono finalizzati alla promozione della lingua e della cultura italiana nelle istituzioni scolastiche straniere attraverso l\u2019erogazione di corsi di formazione e aggiornamento rivolti a docenti locali di lingua italiana \u2013 NON UNIVERSITARI. &nbsp; [&hellip;]<\/p>\n                                <a title=\"\" class=\"read-more\" href=\"https:\/\/consmontreal.esteri.it\/it\/news\/dal_consolato\/2026\/04\/6304\/\">\n                                    <span class=\"text\">Leggi di pi\u00f9<\/span>\n                                    <svg class=\"icon\">\n                                    <use xlink:href=\"https:\/\/consmontreal.esteri.it\/wp-content\/themes\/sedi-tema\/assets\/svg\/sprites.svg#it-arrow-right\"><\/use>\n                                    <\/svg>\n                                <\/a>\n                                                    <\/div>\n                    <\/div>\n                <\/div>\n                <!--end card-->\n                <\/div><!-- col-12 .mt-3-->\n                            <div class=\"col-12 mt-3\">\n                <!--start card-->\n                <div class=\"card-wrapper card-space\">\n                    <div class=\"card card-bg card-big border-bottom-card\">\n                        <div class=\"card-body \">\n                                                        <div class=\"category-top\">\n                                                                                                            <span class=\"\">\n                                        <svg class=\"icon icon-secondary\">\n                                            <use xlink:href=\"https:\/\/consmontreal.esteri.it\/wp-content\/themes\/sedi-tema\/assets\/svg\/sprites.svg#it-calendar\"><\/use>\n                                        <\/svg> 13 Marzo 2026                                    <\/span>\n                                                                    <\/div>\n                            <h5 class=\"card-title big-heading text-uppercase\"><a class=\"text-body text-decoration-none\" href=\"https:\/\/consmontreal.esteri.it\/it\/news\/dal_consolato\/2026\/03\/borse-di-studio-per-talenti-internazionali-delluniversita-di-verona\/\" title=\"Borse di studio per talenti internazionali dell&#8217;Universit\u00e0 di Verona\">Borse di studio per talenti internazionali dell&#8217;Universit\u00e0 di Verona<\/a><\/h5>\n                            <p class=\"card-text\">L\u2019universit\u00e0 ha aperto la raccolta di richieste di pre-ammissione e di candidature per l\u2019assegnazione di n. 15 borse di studio e n. 48 contributi studenteschi agevolati (flat rate) destinati a studentesse e studenti in possesso di titolo conseguito all\u2019estero, di cittadinanza non italiana (salvo casi di doppia cittadinanza) e non gi\u00e0 residenti in Italia immatricolande\/i [&hellip;]<\/p>\n                                <a title=\"Borse di studio per talenti internazionali dell&#8217;Universit\u00e0 di Verona\" class=\"read-more\" href=\"https:\/\/consmontreal.esteri.it\/it\/news\/dal_consolato\/2026\/03\/borse-di-studio-per-talenti-internazionali-delluniversita-di-verona\/\">\n                                    <span class=\"text\">Leggi di pi\u00f9<\/span>\n                                    <svg class=\"icon\">\n                                    <use xlink:href=\"https:\/\/consmontreal.esteri.it\/wp-content\/themes\/sedi-tema\/assets\/svg\/sprites.svg#it-arrow-right\"><\/use>\n                                    <\/svg>\n                                <\/a>\n                                                    <\/div>\n                    <\/div>\n                <\/div>\n                <!--end card-->\n                <\/div><!-- col-12 .mt-3-->\n                            <div class=\"col-12 mt-3\">\n                <!--start card-->\n                <div class=\"card-wrapper card-space\">\n                    <div class=\"card card-bg card-big border-bottom-card\">\n                        <div class=\"card-body \">\n                                                        <div class=\"category-top\">\n                                                                                                            <span class=\"\">\n                                        <svg class=\"icon icon-secondary\">\n                                            <use xlink:href=\"https:\/\/consmontreal.esteri.it\/wp-content\/themes\/sedi-tema\/assets\/svg\/sprites.svg#it-calendar\"><\/use>\n                                        <\/svg> 13 Marzo 2026                                    <\/span>\n                                                                    <\/div>\n                            <h5 class=\"card-title big-heading text-uppercase\"><a class=\"text-body text-decoration-none\" href=\"https:\/\/consmontreal.esteri.it\/it\/news\/dal_consolato\/2026\/03\/avviso-di-assunzione-di-n-2-impiegati-a-contratto-a-tempo-indeterminato-2\/\" title=\"Avviso di assunzione di n. 2 impiegati a contratto a tempo indeterminato\">Avviso di assunzione di n. 2 impiegati a contratto a tempo indeterminato<\/a><\/h5>\n                            <p class=\"card-text\">L\u2019Ambasciata d\u2019Italia a Ottawa ha indetto un pubblico concorso per l\u2019assunzione di n\u00b0 2 impiegati a contratto a tempo indeterminato da adibire ai servizi di collaboratore amministrativo nel settore commerciale. Clicca per scaricare: Avviso di assunzione di n\u00b0 2 impiegati a contratto a tempo indeterminato da adibire ai servizi di collaboratore amministrativo nel settore commerciale.\u00a0(pdf) [&hellip;]<\/p>\n                                <a title=\"Avviso di assunzione di n. 2 impiegati a contratto a tempo indeterminato\" class=\"read-more\" href=\"https:\/\/consmontreal.esteri.it\/it\/news\/dal_consolato\/2026\/03\/avviso-di-assunzione-di-n-2-impiegati-a-contratto-a-tempo-indeterminato-2\/\">\n                                    <span class=\"text\">Leggi di pi\u00f9<\/span>\n                                    <svg class=\"icon\">\n                                    <use xlink:href=\"https:\/\/consmontreal.esteri.it\/wp-content\/themes\/sedi-tema\/assets\/svg\/sprites.svg#it-arrow-right\"><\/use>\n                                    <\/svg>\n                                <\/a>\n                                                    <\/div>\n                    <\/div>\n                <\/div>\n                <!--end card-->\n                <\/div><!-- col-12 .mt-3-->\n                            <div class=\"col-12 mt-3\">\n                <!--start card-->\n                <div class=\"card-wrapper card-space\">\n                    <div class=\"card card-bg card-big border-bottom-card\">\n                        <div class=\"card-body \">\n                                                        <div class=\"category-top\">\n                                                                                                            <span class=\"\">\n                                        <svg class=\"icon icon-secondary\">\n                                            <use xlink:href=\"https:\/\/consmontreal.esteri.it\/wp-content\/themes\/sedi-tema\/assets\/svg\/sprites.svg#it-calendar\"><\/use>\n                                        <\/svg> 6 Marzo 2026                                    <\/span>\n                                                                    <\/div>\n                            <h5 class=\"card-title big-heading text-uppercase\"><a class=\"text-body text-decoration-none\" href=\"https:\/\/consmontreal.esteri.it\/it\/news\/dal_consolato\/2026\/03\/avviso-pubblico-per-la-selezione-di-offerte-di-sponsorizzazione-attivita-legate-alle-celebrazioni-della-festa-della-repubblica-2026-e-di-eventuali-altri-eventi-del-programma-di-promozione-in\/\" title=\"Avviso pubblico per la selezione di offerte di sponsorizzazione \u2013 Attivit\u00e0 legate alle celebrazioni della Festa della Repubblica 2026 e di eventuali altri eventi del programma di Promozione integrata 2026\">Avviso pubblico per la selezione di offerte di sponsorizzazione \u2013 Attivit\u00e0 legate alle celebrazioni della Festa della Repubblica 2026 e di eventuali altri eventi del programma di Promozione integrata 2026<\/a><\/h5>\n                            <p class=\"card-text\">Il Consolato Generale d&#8217;Italia a Montreal, con il presente avviso pubblico, e i seguenti\u00a0allegati, intende procedere alla selezione di offerte di sponsorizzazione per le attivit\u00e0 legate alle celebrazioni della Festa della Repubblica 2026 e di eventuali altri eventi del programma di Promozione integrata 2026. Allegato 1 \u2013 Avviso di sponsorizzazione; Allegato 2 \u2013 Offerta di [&hellip;]<\/p>\n                                <a title=\"Avviso pubblico per la selezione di offerte di sponsorizzazione \u2013 Attivit\u00e0 legate alle celebrazioni della Festa della Repubblica 2026 e di eventuali altri eventi del programma di Promozione integrata 2026\" class=\"read-more\" href=\"https:\/\/consmontreal.esteri.it\/it\/news\/dal_consolato\/2026\/03\/avviso-pubblico-per-la-selezione-di-offerte-di-sponsorizzazione-attivita-legate-alle-celebrazioni-della-festa-della-repubblica-2026-e-di-eventuali-altri-eventi-del-programma-di-promozione-in\/\">\n                                    <span class=\"text\">Leggi di pi\u00f9<\/span>\n                                    <svg class=\"icon\">\n                                    <use xlink:href=\"https:\/\/consmontreal.esteri.it\/wp-content\/themes\/sedi-tema\/assets\/svg\/sprites.svg#it-arrow-right\"><\/use>\n                                    <\/svg>\n                                <\/a>\n                                                    <\/div>\n                    <\/div>\n                <\/div>\n                <!--end card-->\n                <\/div><!-- col-12 .mt-3-->\n                            <div class=\"col-12 mt-3\">\n                <!--start card-->\n                <div class=\"card-wrapper card-space\">\n                    <div class=\"card card-bg card-big border-bottom-card\">\n                        <div class=\"card-body \">\n                                                        <div class=\"category-top\">\n                                                                                                            <span class=\"\">\n                                        <svg class=\"icon icon-secondary\">\n                                            <use xlink:href=\"https:\/\/consmontreal.esteri.it\/wp-content\/themes\/sedi-tema\/assets\/svg\/sprites.svg#it-calendar\"><\/use>\n                                        <\/svg> 11 Febbraio 2026                                    <\/span>\n                                                                    <\/div>\n                            <h5 class=\"card-title big-heading text-uppercase\"><a class=\"text-body text-decoration-none\" href=\"https:\/\/consmontreal.esteri.it\/it\/news\/dal_consolato\/2026\/02\/giorno-del-ricordo-10-febbraio-2026\/\" title=\"Giorno del Ricordo, 10 febbraio 2026\">Giorno del Ricordo, 10 febbraio 2026<\/a><\/h5>\n                            <p class=\"card-text\">Il Ministro degli Esteri Antonio Tajani partecipa oggi, 10 febbraio 2026, alla cerimonia dedicata al Giorno del Ricordo, in memoria delle vittime delle foibe e in solidariet\u00e0 agli Esuli istriani, fiumani e dalmati e alla nostra Comunit\u00e0 nazionale in Slovenia e Croazia. La commemorazione prevista alla Camera dei deputati si svolger\u00e0 alla presenza del Presidente [&hellip;]<\/p>\n                                <a title=\"Giorno del Ricordo, 10 febbraio 2026\" class=\"read-more\" href=\"https:\/\/consmontreal.esteri.it\/it\/news\/dal_consolato\/2026\/02\/giorno-del-ricordo-10-febbraio-2026\/\">\n                                    <span class=\"text\">Leggi di pi\u00f9<\/span>\n                                    <svg class=\"icon\">\n                                    <use xlink:href=\"https:\/\/consmontreal.esteri.it\/wp-content\/themes\/sedi-tema\/assets\/svg\/sprites.svg#it-arrow-right\"><\/use>\n                                    <\/svg>\n                                <\/a>\n                                                    <\/div>\n                    <\/div>\n                <\/div>\n                <!--end card-->\n                <\/div><!-- col-12 .mt-3-->\n                            <div class=\"col-12 mt-3\">\n                <!--start card-->\n                <div class=\"card-wrapper card-space\">\n                    <div class=\"card card-bg card-big border-bottom-card\">\n                        <div class=\"card-body \">\n                                                        <div class=\"category-top\">\n                                                                                                            <span class=\"\">\n                                        <svg class=\"icon icon-secondary\">\n                                            <use xlink:href=\"https:\/\/consmontreal.esteri.it\/wp-content\/themes\/sedi-tema\/assets\/svg\/sprites.svg#it-calendar\"><\/use>\n                                        <\/svg> 24 Novembre 2025                                    <\/span>\n                                                                    <\/div>\n                            <h5 class=\"card-title big-heading text-uppercase\"><a class=\"text-body text-decoration-none\" href=\"https:\/\/consmontreal.esteri.it\/it\/news\/dal_consolato\/2025\/11\/6047\/\" title=\"Giornata internazionale per l\u2019eliminazione della violenza contro le donne\">Giornata internazionale per l\u2019eliminazione della violenza contro le donne<\/a><\/h5>\n                            <p class=\"card-text\">Il Consolato d&#8217;Italia a Montreal aderisce alla campagna promossa da UNWomen per commemorare la Giornata internazionale per l\u2019eliminazione della violenza contro le donne, che ricorre il 25 novembre. L\u2019obiettivo \u00e8 mettere in evidenza l\u2019impegno dell\u2019Italia nella tutela e nella promozione dei diritti delle donne, nonch\u00e9 nella lotta a ogni forma di discriminazione e violenza di [&hellip;]<\/p>\n                                <a title=\"Giornata internazionale per l\u2019eliminazione della violenza contro le donne\" class=\"read-more\" href=\"https:\/\/consmontreal.esteri.it\/it\/news\/dal_consolato\/2025\/11\/6047\/\">\n                                    <span class=\"text\">Leggi di pi\u00f9<\/span>\n                                    <svg class=\"icon\">\n                                    <use xlink:href=\"https:\/\/consmontreal.esteri.it\/wp-content\/themes\/sedi-tema\/assets\/svg\/sprites.svg#it-arrow-right\"><\/use>\n                                    <\/svg>\n                                <\/a>\n                                                    <\/div>\n                    <\/div>\n                <\/div>\n                <!--end card-->\n                <\/div><!-- col-12 .mt-3-->\n                            <div class=\"col-12 mt-3\">\n                <!--start card-->\n                <div class=\"card-wrapper card-space\">\n                    <div class=\"card card-bg card-big border-bottom-card\">\n                        <div class=\"card-body \">\n                                                        <div class=\"category-top\">\n                                                                                                            <span class=\"\">\n                                        <svg class=\"icon icon-secondary\">\n                                            <use xlink:href=\"https:\/\/consmontreal.esteri.it\/wp-content\/themes\/sedi-tema\/assets\/svg\/sprites.svg#it-calendar\"><\/use>\n                                        <\/svg> 7 Ottobre 2025                                    <\/span>\n                                                                    <\/div>\n                            <h5 class=\"card-title big-heading text-uppercase\"><a class=\"text-body text-decoration-none\" href=\"https:\/\/consmontreal.esteri.it\/it\/news\/dal_consolato\/2025\/10\/settimana-della-lingua-italiana-nel-mondo-slim\/\" title=\"SETTIMANA DELLA LINGUA ITALIANA NEL MONDO (SLIM)\">SETTIMANA DELLA LINGUA ITALIANA NEL MONDO (SLIM)<\/a><\/h5>\n                            <p class=\"card-text\">Dal 13 al 19 ottobre 2025 avr\u00e0 luogo la XXV edizione della \u201cSettimana della lingua italiana nel mondo\u201d\u00a0. Il tema selezionato quest\u2019anno \u00e8 \u201cItalofonia: oltre i confini\u201d. L\u2019intento \u00e8 di celebrare lo spazio linguistico, culturale e sociale dell\u2019italiano, immaginando una comunit\u00e0 di persone nel mondo accomunate dalla passione per la nostra lingua e il nostro [&hellip;]<\/p>\n                                <a title=\"SETTIMANA DELLA LINGUA ITALIANA NEL MONDO (SLIM)\" class=\"read-more\" href=\"https:\/\/consmontreal.esteri.it\/it\/news\/dal_consolato\/2025\/10\/settimana-della-lingua-italiana-nel-mondo-slim\/\">\n                                    <span class=\"text\">Leggi di pi\u00f9<\/span>\n                                    <svg class=\"icon\">\n                                    <use xlink:href=\"https:\/\/consmontreal.esteri.it\/wp-content\/themes\/sedi-tema\/assets\/svg\/sprites.svg#it-arrow-right\"><\/use>\n                                    <\/svg>\n                                <\/a>\n                                                    <\/div>\n                    <\/div>\n                <\/div>\n                <!--end card-->\n                <\/div><!-- col-12 .mt-3-->\n            \n            <div class=\"col-md-12 mt-4 pb-4\">\n                <nav class=\"navigation col-md-12\" aria-label=\"Navigation\">\n                    <h2 class=\"screen-reader-text visually-hidden\">Paginazione<\/h2>\n                    <div class=\"nav-links\">\n                    <span aria-current=\"page\" class=\"page-numbers current\">1<\/span>\n<a class=\"page-numbers\" href=\"https:\/\/consmontreal.esteri.it\/it\/wp-json\/wp\/v2\/pages\/19\/?pag=2\">2<\/a>\n<a class=\"page-numbers\" href=\"https:\/\/consmontreal.esteri.it\/it\/wp-json\/wp\/v2\/pages\/19\/?pag=3\">3<\/a>\n<span class=\"page-numbers dots\">&hellip;<\/span>\n<a class=\"page-numbers\" href=\"https:\/\/consmontreal.esteri.it\/it\/wp-json\/wp\/v2\/pages\/19\/?pag=32\">32<\/a>\n<a class=\"next page-numbers\" href=\"https:\/\/consmontreal.esteri.it\/it\/wp-json\/wp\/v2\/pages\/19\/?pag=2\"><svg class=\"icon icon-primary\"><use xlink:href=\"https:\/\/consmontreal.esteri.it\/wp-content\/themes\/sedi-tema\/assets\/svg\/sprites.svg#it-chevron-right\"><\/use><\/svg>\n                                    <span class=\"visually-hidden\">Pagina successiva<\/span><\/a>                    <\/div>\n                <\/nav>\n            <\/div>   <!--.col-md-12 -->\n              <\/div><!--.row -->\n              \n","protected":false},"excerpt":{"rendered":"","protected":false},"author":1,"featured_media":0,"parent":0,"menu_order":0,"comment_status":"closed","ping_status":"closed","template":"","meta":{"footnotes":""},"class_list":["post-19","page","type-page","status-publish","hentry"],"_links":{"self":[{"href":"https:\/\/consmontreal.esteri.it\/it\/wp-json\/wp\/v2\/pages\/19","targetHints":{"allow":["GET"]}}],"collection":[{"href":"https:\/\/consmontreal.esteri.it\/it\/wp-json\/wp\/v2\/pages"}],"about":[{"href":"https:\/\/consmontreal.esteri.it\/it\/wp-json\/wp\/v2\/types\/page"}],"author":[{"embeddable":true,"href":"https:\/\/consmontreal.esteri.it\/it\/wp-json\/wp\/v2\/users\/1"}],"replies":[{"embeddable":true,"href":"https:\/\/consmontreal.esteri.it\/it\/wp-json\/wp\/v2\/comments?post=19"}],"version-history":[{"count":0,"href":"https:\/\/consmontreal.esteri.it\/it\/wp-json\/wp\/v2\/pages\/19\/revisions"}],"wp:attachment":[{"href":"https:\/\/consmontreal.esteri.it\/it\/wp-json\/wp\/v2\/media?parent=19"}],"curies":[{"name":"wp","href":"https:\/\/api.w.org\/{rel}","templated":true}]}}